{"id":3,"date":"2021-11-24T12:26:46","date_gmt":"2021-11-24T12:26:46","guid":{"rendered":"http:\/\/www.part-oldalak.hu\/wordpress\/?page_id=3"},"modified":"2022-01-23T16:34:11","modified_gmt":"2022-01-23T15:34:11","slug":"adatkezelesi-tajekoztato","status":"publish","type":"page","link":"https:\/\/www.part-oldalak.hu\/wordpress\/adatkezelesi-tajekoztato\/","title":{"rendered":"Adatv\u00e9delmi ir\u00e1nyelvek"},"content":{"rendered":"\n<h2 class=\"wp-block-heading\" id=\"adatv\u00e9delmi_ir\u00e1nyelvek\">Kik vagyunk<\/h2>\n\n\n\n<p>A Part-Oldalak Online (a tov\u00e1bbiakban: Szolg\u00e1ltat\u00f3) a www.part-oldalak.hu weboldal (a tov\u00e1bbiakban: Weboldal) m\u0171k\u00f6dtet\u00e9se sor\u00e1n, a honlapon regisztr\u00e1l\u00f3k, illetve azon aj\u00e1nlatot k\u00e9r\u0151k vagy \u00e9rdekl\u0151d\u0151k, (a tov\u00e1bbiakban egy\u00fcttesen \u00c9rintett) szem\u00e9lyes adatait kezeli.<\/p>\n\n\n\n<h3 class=\"wp-block-heading\">1. Az adatkezel\u0151 el\u00e9rhet\u0151s\u00e9ge<\/h3>\n\n\n\n<p>N\u00e9v: Part-Oldalak Kultur\u00e1lis Egylet <br>K\u00e9pvisel\u0151 neve: Dr. Andr\u00e1s Ferenc<br>Email c\u00edm:  hello@partoldalak.hu <\/p>\n\n\n\n<h3 class=\"wp-block-heading\">2. A kezelt szem\u00e9lyes adatok k\u00f6re<\/h3>\n\n\n\n<p>A felhaszn\u00e1l\u00f3kt\u00f3l k\u00fcl\u00f6nb\u00f6z\u0151 szolg\u00e1ltat\u00e1sok el\u00e9r\u00e9s\u00e9hez k\u00fcl\u00f6nb\u00f6z\u0151 szem\u00e9lyes adatokat k\u00e9r\u00fcnk, az adattakar\u00e9koss\u00e1g elv\u00e9t figyelembe v\u00e9ve. A jelen Adatv\u00e9delmi T\u00e1j\u00e9koztat\u00f3 kiz\u00e1r\u00f3lag a weboldalt megl\u00e1togat\u00f3 term\u00e9szetes szem\u00e9lyek adatainak kezel\u00e9s\u00e9re terjed ki, tekintettel arra, hogy szem\u00e9lyes adatok kiz\u00e1r\u00f3lag term\u00e9szetes szem\u00e9lyek vonatkoz\u00e1s\u00e1ban \u00e9rtelmezhet\u0151ek.<br>Nem min\u0151s\u00fclnek szem\u00e9lyes adatnak azok az anonim inform\u00e1ci\u00f3k, amelyeket a szem\u00e9lyes azonos\u00edthat\u00f3s\u00e1g kiz\u00e1r\u00e1s\u00e1val gy\u0171jt adatkezel\u0151, \u00e9s term\u00e9szetes szem\u00e9llyel nem hozhat\u00f3ak kapcsolatba, illetve azok a demogr\u00e1fiai adatok sem min\u0151s\u00fclnek szem\u00e9lyes adatnak, melyeket \u00fagy gy\u0171jt, hogy nem kapcsolja hozz\u00e1 azokat azonos\u00edthat\u00f3 szem\u00e9lyek szem\u00e9lyes adataihoz, ez\u00e1ltal nem \u00e1ll\u00edthat\u00f3 fel kapcsolat term\u00e9szetes szem\u00e9llyel.<\/p>\n\n\n\n<p>T\u00e9telesen felsorolva a kezelt adatok k\u00f6re a k\u00f6vetkez\u0151k:<\/p>\n\n\n\n<p>2.1 \u00c9rdekl\u0151d\u0151k<br>\u2013 N\u00e9v<br>\u2013 Email c\u00edm<br>\u2013 Telefonsz\u00e1m<\/p>\n\n\n\n<p>2.2 Honlapon regisztr\u00e1l\u00f3k<br>\u2013 n\u00e9v, sz\u00fclet\u00e9si n\u00e9v<br>\u2013 e-mail c\u00edm<\/p>\n\n\n\n<p>2.3 Gyermekek<br>A term\u00e9keink \u00e9s szolg\u00e1ltat\u00e1saink nem 16 \u00e9v alatti szem\u00e9lyeknek sz\u00f3lnak, \u00e9s k\u00e9rj\u00fck, hogy 16 \u00e9v alatti szem\u00e9lyek ne adjanak meg Szem\u00e9lyes adatokat az Adatkezel\u0151 sz\u00e1m\u00e1ra. Amennyiben a tudom\u00e1sunkra jut, hogy 16 \u00e9v alatti gyermekt\u0151l szem\u00e9lyes adatokat gy\u0171jt\u00f6tt\u00fcnk be, a lehet\u0151 leghamarabb megtessz\u00fck az adatok t\u00f6rl\u00e9s\u00e9hez sz\u00fcks\u00e9ges l\u00e9p\u00e9seket.<\/p>\n\n\n\n<h3 class=\"wp-block-heading\">3. Cookie (anonim ig\u00e9nybe vev\u0151 azonos\u00edt\u00f3) kezel\u00e9si t\u00e1j\u00e9koztat\u00f3<\/h3>\n\n\n\n<p>Az Adatkezel\u0151 az \u00c9rintett sz\u00e1m\u00edt\u00f3g\u00e9p\u00e9re anonim ig\u00e9nybe vev\u0151 azonos\u00edt\u00f3t (cookie, s\u00fcti) helyez el, amely \u00f6nmag\u00e1ban semmilyen m\u00f3don nem k\u00e9pes az \u00c9rintett azonos\u00edt\u00e1s\u00e1ra. Kiz\u00e1r\u00f3lag az \u00c9rintett g\u00e9p\u00e9nek felismer\u00e9s\u00e9re alkalmasak, viszont IP c\u00edmet nem t\u00e1rolnak, \u00e9s IP c\u00edmet, mint szem\u00e9lyes adatot a Szolg\u00e1ltat\u00f3 r\u00e9sz\u00e9re nem tov\u00e1bb\u00edtanak. Az alkalmazott cookiek egyszer\u0171, r\u00f6vid, kism\u00e9ret\u0171 sz\u00f6veges f\u00e1jlok. Szem\u00e9lyes adat, vagy inform\u00e1ci\u00f3 megad\u00e1sa nem sz\u00fcks\u00e9ges, mivel a megold\u00e1s alkalmaz\u00e1sakor a Felhaszn\u00e1l\u00f3 a Szolg\u00e1ltat\u00f3nak nem ad \u00e1t szem\u00e9lyes adatot, az adatcsere csak \u00e9s kiz\u00e1r\u00f3lag a g\u00e9pek k\u00f6z\u00f6tt t\u00f6rt\u00e9nik meg.<\/p>\n\n\n\n<p>A honlap m\u0171k\u00f6d\u00e9s\u00e9hez sz\u00fcks\u00e9ges saj\u00e1t cookiek<br>A honlap m\u0171k\u00f6d\u00e9s\u00e9hez elengedhetetlen n\u00e9h\u00e1ny cookie elhelyez\u00e9se az \u00e9rintett sz\u00e1m\u00edt\u00f3g\u00e9p\u00e9re, ez\u00e1ltal v\u00e1lik a honlap bet\u00f6lt\u00e9se gyorsabb\u00e1, ez\u00e1ltal tudja a saj\u00e1t b\u00f6ng\u00e9sz\u0151je let\u00e1rolni a honlap bizonyos inform\u00e1ci\u00f3it, \u00e9s ez seg\u00edti az \u00c9rintettet abban, hogy a honlap moduljai rendeltet\u00e9sszer\u0171en m\u0171k\u00f6djenek.<\/p>\n\n\n\n<p>S_TOKEN (2 \u00f3ra)<br>Funkci\u00f3: A l\u00e1togat\u00f3 bejelentkez\u00e9s ut\u00e1n a cookie seg\u00edts\u00e9g\u00e9vel b\u00f6ng\u00e9sz\u00e9s k\u00f6zben bejelentkezett \u00e1llapotban marad.<\/p>\n\n\n\n<p>cb-enabled (30 nap)<br>Funkci\u00f3: Cookie bar elfogad\u00e1sa ut\u00e1ni \u00fajabb bet\u00f6lt\u00e9st akad\u00e1lyozza meg. Amennyiben az \u00c9rintett az \u201eELFOGADOM\u201d lehet\u0151s\u00e9get v\u00e1lasztja, a v\u00e1laszt\u00e1s\u00e1t elmentj\u00fck, \u00edgy 30 napig nem fogunk tov\u00e1bbi hozz\u00e1j\u00e1rul\u00e1st k\u00e9rni.<\/p>\n\n\n\n<p>KRID (1-7 nap)<br>Funkci\u00f3: Regisztr\u00e1ci\u00f3 \u00e9s kos\u00e1r funkci\u00f3k eset\u00e9n van jelent\u0151s\u00e9ge. Ahhoz sz\u00fcks\u00e9ges, hogy ha a felhaszn\u00e1l\u00f3 elhagyja a kosarat, \u00e9s tov\u00e1bb b\u00f6ng\u00e9sz az oldalon, a term\u00e9kek a kos\u00e1rban maradjanak, illetve, ha bel\u00e9p egy regisztr\u00e1lt fel\u00fcletre, az oldal b\u00f6ng\u00e9sz\u00e9se k\u00f6zben ne l\u00e9ptesse ki a rendszer.<\/p>\n\n\n\n<p>Analitikai cookiek<br>A weboldalunk l\u00e1togatotts\u00e1gi adatainak \u00e9s egy\u00e9b webanalitikai adatainak kinyer\u00e9se \u00e9rdek\u00e9ben a szolg\u00e1ltat\u00f3 ig\u00e9nybe veszi f\u00fcggetlen analitikai szerverek szolg\u00e1ltat\u00e1sait, n\u00e9v szerint a Hotjar \u00e9s a Google Anatitycs szoftvert. A m\u00e9r\u00e9si adatok kezel\u00e9s\u00e9r\u0151l ezek a szolg\u00e1ltat\u00f3k tudnak r\u00e9szletes felvil\u00e1gos\u00edt\u00e1st ny\u00fajtani az \u00c9rintett r\u00e9sz\u00e9re.<\/p>\n\n\n\n<p>A Google Analytics eset\u00e9ben a Szolg\u00e1ltat\u00f3 megtette azokat a be\u00e1ll\u00edt\u00e1sokat a weboldal k\u00f3dj\u00e1ban, amely szerint a Google Analytics anonimiz\u00e1lja az \u00c9rintett IP c\u00edm\u00e9t, \u00edgy az t\u00f6bb\u00e9 nem beazonos\u00edthat\u00f3, a Szolg\u00e1ltat\u00f3 sz\u00e1m\u00e1ra m\u00e9g \u00e1tad\u00e1sra nem ker\u00fcl. Err\u0151l a technol\u00f3gi\u00e1r\u00f3l b\u0151vebben itt olvashat:<br>https:\/\/support.google.com\/analytics\/answer\/2763052?hl=hu<\/p>\n\n\n\n<p>A c\u00e9l a fenti szoftverek \u00e1ltal biztos\u00edtott anonimiz\u00e1lt inform\u00e1ci\u00f3kkal a honlapunk l\u00e1togatotts\u00e1g\u00e1nak, funkcion\u00e1lis haszn\u00e1lat\u00e1nak elemz\u00e9se a felhaszn\u00e1l\u00f3i \u00e9lm\u00e9ny jav\u00edt\u00e1sa \u00e9rdek\u00e9ben (pl: optimaliz\u00e1lt navig\u00e1ci\u00f3 ny\u00fajt\u00e1sa, egy-egy aloldalon az inform\u00e1ci\u00f3k elhelyez\u00e9s\u00e9nek sorrendje).<\/p>\n\n\n\n<p>Ezen m\u00e9r\u00e9sek nem t\u00e1rolnak a felhaszn\u00e1l\u00f3kr\u00f3l olyan adatokat, amivel a felhaszn\u00e1l\u00f3 beazonos\u00edthat\u00f3 lenne, se IP c\u00edmet, se szem\u00e9lyes adatokat.<\/p>\n\n\n\n<p>A Google Inc. adatv\u00e9delmi ir\u00e1nyelve a http:\/\/www.google.com\/intl\/hu ALL\/privacypolicy.html oldalon \u00e9rhet\u0151 el.<br>A Hotjar adatv\u00e9delmi ir\u00e1nyelvei pedig https:\/\/www.hotjar.com\/legal\/policies\/privacy oldalon \u00e9rhet\u0151 el.<\/p>\n\n\n\n<p>Az alkalmazott cookiekr\u00f3l az \u00e9rintett szolg\u00e1ltat\u00f3k tudnak b\u0151vebb felvil\u00e1gos\u00edt\u00e1st adni:<\/p>\n\n\n\n<p>B\u0151vebben a Hotjar cookiekr\u00f3l https:\/\/www.hotjar.com\/legal\/policies\/cookie-information oldalon olvashat.<br>A Google Anlytics cookiek azonos\u00edt\u00e1s\u00e1ra \u00e9s jellemz\u0151ire itt tal\u00e1lja a v\u00e1laszokat: https:\/\/developers.google.com\/analytics\/devguides\/collection\/analyticsjs\/cookie-usage<\/p>\n\n\n\n<p>Hirdet\u00e9sekhez haszn\u00e1lt cookiek<br>A Szolg\u00e1ltat\u00f3 ig\u00e9nybe veheti a 21. sz\u00e1zadi online marketing megold\u00e1sokat, konkr\u00e9tan a Google AdWords \u00e9s a Facebook hirdet\u00e9seket. Ezek a hirdet\u00e9si megold\u00e1sok cookiekat haszn\u00e1lnak a m\u0171k\u00f6d\u00e9s\u00fck sor\u00e1n. Ezek a cookiek seg\u00edtik a rendszer m\u0171k\u00f6d\u00e9s\u00e9t abban, hogy az \u00c9rintettek sz\u00e1m\u00e1ra ne irrelev\u00e1ns hirdet\u00e9sek jelenjenek meg, hanem olyanok, amik beletartoznak az aktu\u00e1lis \u00e9rdekl\u0151d\u00e9si k\u00f6r\u00fckbe. A Port\u00e1lon a Szolg\u00e1ltat\u00f3 Google Adwords, valamint Facebook \u00e1ltal biztos\u00edtott remarketing k\u00f3dokat haszn\u00e1lja. A remarketing k\u00f3d is cookie-kat haszn\u00e1l.<br>A telep\u00fclt cookie szem\u00e9lyes adatokat nem tov\u00e1bb\u00edt a Szolg\u00e1ltat\u00f3 sz\u00e1m\u00e1ra, csup\u00e1n seg\u00edt abban, hogy a Szolg\u00e1ltat\u00f3 term\u00e9keivel \u00e9s szolg\u00e1ltat\u00e1saival kapcsolatos hirdet\u00e9sek jelenjenek meg a Port\u00e1l l\u00e1togat\u00f3ja \u00e1ltal a k\u00e9s\u0151bbiekben megl\u00e1togatott m\u00e1s, a Google Display, h\u00e1l\u00f3zat\u00e1ba tartoz\u00f3 weboldalakon, illetve a Facebook-on.<\/p>\n\n\n\n<p>Hirdet\u00e9sekkel kapcsolatos automata preferenci\u00e1k k\u00e9zi fel\u00fclb\u00edr\u00e1l\u00e1sa, beavatkoz\u00e1si \u00e9s be\u00e1ll\u00edt\u00e1si lehet\u0151s\u00e9g<br>Felhaszn\u00e1l\u00f3 a cookie-kat b\u00e1rmikor letilthatja \u00e9s a hirdet\u00e9seket szem\u00e9lyre szabhatja a Google illetve a Facebook hirdet\u00e9si be\u00e1ll\u00edt\u00e1sok fel\u00fclet\u00e9n.<\/p>\n\n\n\n<p>Google felhaszn\u00e1l\u00f3i fi\u00f3k adatv\u00e9delmi be\u00e1ll\u00edt\u00e1sait itt v\u00e9gezheti el az \u00c9rintett:<br>https:\/\/myaccount.google.com\/privacy<\/p>\n\n\n\n<p>A Facebook felhaszn\u00e1l\u00f3i fi\u00f3k adatv\u00e9delmi be\u00e1ll\u00edt\u00e1sai pedig a be\u00e1ll\u00edt\u00e1sok men\u00fcpont alatt az adatv\u00e9delemmel \u00e9s a hirdet\u00e9sekkel kapcsolatos be\u00e1ll\u00edt\u00e1si f\u00fcl alatt \u00e9rhet\u0151 el.<br>https:\/\/www.facebook.com\/ads\/preferences<\/p>\n\n\n\n<p>A Cookie haszn\u00e1lat le\u00e1ll\u00edt\u00e1sa, tilt\u00e1sa<\/p>\n\n\n\n<p>A b\u00f6ng\u00e9sz\u0151 be\u00e1ll\u00edt\u00e1sainak m\u00f3dos\u00edt\u00e1sa:<br>A legt\u00f6bb b\u00f6ng\u00e9sz\u0151 men\u00fcsor\u00e1ban tal\u00e1lhat\u00f3 \u201eSeg\u00edts\u00e9g\u201d funkci\u00f3 t\u00e1j\u00e9koztat\u00e1st ny\u00fajt arra vonatkoz\u00f3an, hogy a b\u00f6ng\u00e9sz\u0151ben<\/p>\n\n\n\n<p>hogyan lehet letiltani a cookie-kat,<br>hogyan fogadjon el \u00faj cookie-kat, vagy<br>hogyan adjon utas\u00edt\u00e1st b\u00f6ng\u00e9sz\u0151j\u00e9nek arra, hogy \u00faj cookie-t \u00e1ll\u00edtson be, vagy<br>hogyan kapcsoljon ki egy\u00e9b cookie-kat.<\/p>\n\n\n\n<p>Blokkol\u00f3 b\u00f6ng\u00e9sz\u0151 kieg\u00e9sz\u00edt\u00e9sek:<br>Amennyiben az \u00c9rintett nem szeretn\u00e9, hogy a Google Analytics a fenti adatokat az ismertetett m\u00f3don \u00e9s c\u00e9llal m\u00e9rje, telep\u00edtse b\u00f6ng\u00e9sz\u0151j\u00e9be az ezt blokkol\u00f3 kieg\u00e9sz\u00edt\u0151t.<\/p>\n\n\n\n<p>K\u00fcls\u0151 megold\u00e1s ig\u00e9nybev\u00e9tele a cookie menedzsmentre:<br>Az \u00c9rintett k\u00fcls\u0151 weboldalak seg\u00edts\u00e9g\u00e9vel menedzselheti, hogy a sz\u00e1m\u00edt\u00f3g\u00e9p\u00e9n milyen Szolg\u00e1ltat\u00f3k sz\u00e1m\u00e1ra enged\u00e9lyez hirdet\u00e9si coockie tev\u00e9kenys\u00e9get. Az egyik megold\u00e1s, a magyar nyelven is el\u00e9rhet\u0151 AdChoices.<\/p>\n\n\n\n<h3 class=\"wp-block-heading\">4. K\u00f6z\u00f6ss\u00e9gi m\u00e9dia kieg\u00e9sz\u00edt\u00e9sek<\/h3>\n\n\n\n<p>A Port\u00e1lon a b\u0151v\u00edtm\u00e9nyek alaphelyzetben le vannak tiltva. Ezek a b\u0151v\u00edtm\u00e9nyek is cookiek A b\u0151v\u00edtm\u00e9nyek csak akkor ker\u00fclnek enged\u00e9lyez\u00e9sre, ha az \u00c9rintett az erre szolg\u00e1l\u00f3 gombra kattint (pl l\u00e1jkol egy cikket, pinel egy k\u00e9pet, vagy elkezdi az oldalon tal\u00e1lhat\u00f3 \u201etetszik\u201d gombbal k\u00f6vetni a Szolg\u00e1ltat\u00f3 Facebook oldal\u00e1t). A b\u0151v\u00edtm\u00e9ny enged\u00e9lyez\u00e9s\u00e9vel, vagyis a \u201etetszik gomb\u201d megnyom\u00e1s\u00e1val az \u00c9rintett kapcsolatot hoz l\u00e9tre a k\u00f6z\u00f6ss\u00e9gi oldallal azaz egy\u00e9rtelm\u0171 en kifejez\u00e9sre juttatja, hogy hozz\u00e1j\u00e1rul az adatainak a Facebook\/Twitter\/Linked-in\/Pinterest\/Instagram r\u00e9sz\u00e9re t\u00f6rt\u00e9n\u0151 tov\u00e1bb\u00edt\u00e1s\u00e1hoz.<br>Amennyiben az \u00c9rintett be van jelentkezve a Facebookra\/Twitterre\/Linked-in\/Pinterest\/Instagram-ra, el\u0151fordulhat, hogy az adott k\u00f6z\u00f6ss\u00e9gi h\u00e1l\u00f3zat a l\u00e1togat\u00e1s\u00e1t az \u00c9rintett k\u00f6z\u00f6ss\u00e9gi fi\u00f3kj\u00e1hoz t\u00e1rs\u00edtja.<\/p>\n\n\n\n<p>Amennyiben az \u00c9rintett a fent eml\u00edtett k\u00f6z\u00f6ss\u00e9gi m\u00e9dia gombok egyik\u00e9re kattint, a b\u00f6ng\u00e9sz\u0151je a vonatkoz\u00f3 inform\u00e1ci\u00f3kat k\u00f6zvetlen\u00fcl az adott k\u00f6z\u00f6ss\u00e9gi h\u00e1l\u00f3zatnak tov\u00e1bb\u00edtja, \u00e9s azokat ott t\u00e1rolja.<\/p>\n\n\n\n<p>Az adatgy\u0171jt\u00e9s k\u00f6r\u00e9re \u00e9s c\u00e9lj\u00e1ra, adatainak a Facebook\/Twitter\/Linked-in\/Pinterest\/Instagram \u00e1ltali tov\u00e1bbi feldolgoz\u00e1s\u00e1ra \u00e9s felhaszn\u00e1l\u00e1s\u00e1ra, szem\u00e9lyes adatainak v\u00e9delm\u00e9re ir\u00e1nyul\u00f3 jogaira \u00e9s be\u00e1ll\u00edt\u00e1saira vonatkoz\u00f3 inform\u00e1ci\u00f3k az adott k\u00f6z\u00f6ss\u00e9gi m\u00e9dia adatv\u00e9delmi nyilatkozat\u00e1ban tal\u00e1lhat\u00f3ak.<br>A weboldal szolg\u00e1ltat\u00e1sait ig\u00e9nybe vev\u0151 tudom\u00e1sul veszi, hogy az adatainak Google \u00e1ltali feldolgoz\u00e1s\u00e1hoz a weboldal haszn\u00e1lat\u00e1val hozz\u00e1j\u00e1rul\u00e1s\u00e1t adta<\/p>\n\n\n\n<h3 class=\"wp-block-heading\">5. Technikai adatok \u2013 napl\u00f3\u00e1llom\u00e1nyok (logfile-ok)<\/h3>\n\n\n\n<p>A szolg\u00e1ltat\u00e1sok ig\u00e9nybev\u00e9tele \u00e9rdek\u00e9ben a rendszer automatikusan napl\u00f3zza az al\u00e1bbi adatokat:<br>\u2013 a felhaszn\u00e1l\u00f3 sz\u00e1m\u00edt\u00f3g\u00e9p\u00e9nek dinamikus IP-c\u00edme<br>\u2013 a felhaszn\u00e1l\u00f3 sz\u00e1m\u00edt\u00f3g\u00e9p\u00e9nek be\u00e1ll\u00edt\u00e1sait\u00f3l f\u00fcgg\u0151en a felhaszn\u00e1l\u00f3 \u00e1ltal haszn\u00e1lt b\u00f6ng\u00e9sz\u0151 \u00e9s az oper\u00e1ci\u00f3s rendszer t\u00edpusa<br>\u2013 a felhaszn\u00e1l\u00f3 weboldallal kapcsolatos aktivit\u00e1sa<br>Ezen adatok felhaszn\u00e1l\u00e1sa egyr\u00e9szr\u0151l technikai c\u00e9lok \u2013 \u00fagymint a szerverek biztons\u00e1gos m\u0171k\u00f6d\u00e9s\u00e9nek elemz\u00e9se, ut\u00f3lagos ellen\u0151rz\u00e9se- szolg\u00e1l. Ez egy automatikus IT biztons\u00e1gi folyamat, melyet az \u00e9rintett nyilatkozata n\u00e9lk\u00fcl r\u00f6gz\u00edti a rendszer szervernapl\u00f3kba.<br>A fenti adatok a felhaszn\u00e1l\u00f3 azonos\u00edt\u00e1s\u00e1ra nem alkalmasak \u00e9s azokat az Adatkezel\u0151 egy\u00e9b szem\u00e9lyes adatokkal nem kapcsolja \u00f6ssze. A napl\u00f3z\u00e1si adatokat a rendszer a l\u00e1togat\u00e1st\u00f3l sz\u00e1m\u00edtott 6 h\u00f3napig t\u00e1rolja.<\/p>\n\n\n\n<h3 class=\"wp-block-heading\">6. Az adatkezel\u00e9s jogalapja \u00e9s c\u00e9lja<\/h3>\n\n\n\n<p>6.1 Aj\u00e1nlatk\u00e9r\u0151k \u00e9s \u00e9rdekl\u0151d\u0151k eset\u00e9ben<br>az adatkezel\u00e9s a szerz\u0151d\u00e9s megk\u00f6t\u00e9s\u00e9t megel\u0151z\u0151 l\u00e9p\u00e9sekhez sz\u00fcks\u00e9ges, az adatkezel\u00e9s c\u00e9lja az \u00c9rintettek szem\u00e9lyre szabott kiszolg\u00e1l\u00e1sa, illetve az \u00c9rintettek k\u00e9r\u00e9s\u00e9re \u00e1raj\u00e1nlat k\u00fcld\u00e9se, amely a k\u00e9s\u0151bbi esetleges szerz\u0151d\u00e9s vagy megrendel\u00e9s alapj\u00e1ul szolg\u00e1lhat.<\/p>\n\n\n\n<p>6.2 A honlapon regisztr\u00e1l\u00f3k eset\u00e9ben<br>az adatkezel\u00e9s az \u00e9rintettek hozz\u00e1j\u00e1rul\u00e1s\u00e1val t\u00f6rt\u00e9nik, melynek c\u00e9lja a regisztr\u00e1lt felhaszn\u00e1l\u00f3k azonos\u00edt\u00e1sa, valamint az \u00c9rintettek szem\u00e9lyre szabott kiszolg\u00e1l\u00e1sa.<\/p>\n\n\n\n<h3 class=\"wp-block-heading\">7. Az adatkezel\u00e9s id\u0151tartama<\/h3>\n\n\n\n<p>7.1 Aj\u00e1nlatk\u00e9r\u0151k \u00e9s \u00e9rdekl\u0151d\u0151k<br>adatainak kezel\u00e9se amennyiben a szerz\u0151d\u00e9s l\u00e9trej\u00f6tt, a szerz\u0151d\u00e9s hat\u00e1lya alatt, illetve a sz\u00e1mviteli t\u00f6rv\u00e9ny szerint a teljes\u00edt\u00e9s \u00e9v\u00e9t k\u00f6vet\u0151 8 \u00e9vig t\u00f6rt\u00e9nik. Amennyiben a szerz\u0151d\u00e9s nem j\u00f6tt l\u00e9tre, vagyis a c\u00e9l nem val\u00f3sult meg, az adatokat az aj\u00e1nlat lej\u00e1rt\u00e1t k\u00f6vet\u0151 \u00e9v m\u00e1rcius 1.-ig kezeli a Szolg\u00e1ltat\u00f3.<\/p>\n\n\n\n<p>7.4 A honlapon regisztr\u00e1l\u00f3k<br>adatainak kezel\u00e9se a hozz\u00e1j\u00e1rul\u00e1s visszavon\u00e1s\u00e1ig t\u00f6rt\u00e9nik, melyet vagy a regisztr\u00e1lt fi\u00f3kj\u00e1nak saj\u00e1t kez\u0171leg v\u00e9grehajtott t\u00f6rl\u00e9s\u00e9vel \u00e9rhet el az \u00e9rintett, vagy e-mailben is k\u00e9rheti a FI\u00d3K T\u00d6RL\u00c9SE t\u00e1rgy\u00fa lev\u00e9lben, amit az 1. pontban megjel\u00f6lt e-mail c\u00edmre kell k\u00fcldeni.<\/p>\n\n\n\n<h3 class=\"wp-block-heading\">8. Az adatokat megismer\u0151k k\u00f6re, adattov\u00e1bb\u00edt\u00e1s, adatfeldolgoz\u00e1s<\/h3>\n\n\n\n<p>Az \u00e9rintettekt\u0151l gy\u0171jt\u00f6tt szem\u00e9lyes adatokat a Szolg\u00e1ltat\u00f3 bels\u0151 munkat\u00e1rsai jogosultak megismerni, azokat nem publik\u00e1lj\u00e1k. Harmadik f\u00e9l sz\u00e1m\u00e1ra adatkezel\u00e9s c\u00e9lj\u00e1b\u00f3l kiz\u00e1r\u00f3lag az \u00e9rintettek k\u00e9r\u00e9s\u00e9re tov\u00e1bb\u00edtja az \u00e9rintett \u00e1ltal megadott c\u00edmzett r\u00e9sz\u00e9re.<\/p>\n\n\n\n<p>A Szolg\u00e1ltat\u00f3 tev\u00e9kenys\u00e9ge sor\u00e1n felmer\u00fcl\u0151 feladatok elv\u00e9gz\u00e9se c\u00e9lj\u00e1b\u00f3l (k\u00f6nyvel\u00e9s, elektronikus sz\u00e1mla ki\u00e1ll\u00edt\u00e1sa, h\u00edrlev\u00e9l kik\u00fcld\u00e9se) adatfeldolgoz\u00f3t vehet ig\u00e9nybe.<\/p>\n\n\n\n<p>Az adatfeldolgoz\u00f3k kateg\u00f3ri\u00e1i \u00e9s az adattov\u00e1bb\u00edt\u00e1s c\u00edmzettjei:<\/p>\n\n\n\n<p>N\u00e9v: Mailchimp<br>Sz\u00e9khely: Atlanta, Georgia, USA<br>Kateg\u00f3ria: H\u00edrlev\u00e9l kik\u00fcld\u00e9se<\/p>\n\n\n\n<h3 class=\"wp-block-heading\">9. Az \u00e9rintettek jogai, jogorvoslati lehet\u0151s\u00e9gek<\/h3>\n\n\n\n<p>9.1 Az \u00c9rintett k\u00e9relmezheti az Adatkezel\u0151n\u00e9l<br>a) t\u00e1j\u00e9koztat\u00e1s\u00e1t szem\u00e9lyes adatai kezel\u00e9s\u00e9r\u0151l,<br>b) szem\u00e9lyes adatainak helyesb\u00edt\u00e9s\u00e9t, valamint<br>c) szem\u00e9lyes adatainak \u2013 a k\u00f6telez\u0151 adatkezel\u00e9s kiv\u00e9tel\u00e9vel \u2013 t\u00f6rl\u00e9s\u00e9t vagy z\u00e1rol\u00e1s\u00e1t,<br>d) szem\u00e9lyes adatainak tov\u00e1bb\u00edt\u00e1s\u00e1t m\u00e1sik adatkezel\u0151 sz\u00e1m\u00e1ra.<\/p>\n\n\n\n<p>9.2 Az \u00c9rintett k\u00e9relm\u00e9re az Adatkezel\u0151, legk\u00e9s\u0151bb az erre ir\u00e1nyul\u00f3 k\u00e9relem beny\u00fajt\u00e1s\u00e1t\u00f3l sz\u00e1m\u00edtott 30 napon bel\u00fcl \u00edr\u00e1sbeli t\u00e1j\u00e9koztat\u00e1st az \u00c9rintett \u00e1ltala kezelt, illetve az \u00e1ltala vagy rendelkez\u00e9se szerint megb\u00edzott adatfeldolgoz\u00f3 \u00e1ltal feldolgozott adatair\u00f3l, azok forr\u00e1s\u00e1r\u00f3l, az adatkezel\u00e9s c\u00e9lj\u00e1r\u00f3l, jogalapj\u00e1r\u00f3l, id\u0151tartam\u00e1r\u00f3l, az adatfeldolgoz\u00f3 nev\u00e9r\u0151l, c\u00edm\u00e9r\u0151l \u00e9s az adatkezel\u00e9ssel \u00f6sszef\u00fcgg\u0151 tev\u00e9kenys\u00e9g\u00e9r\u0151l, tov\u00e1bb\u00e1 \u2013 az \u00e9rintett szem\u00e9lyes adatainak tov\u00e1bb\u00edt\u00e1sa eset\u00e9n \u2013 az adattov\u00e1bb\u00edt\u00e1s jogalapj\u00e1r\u00f3l \u00e9s c\u00edmzettj\u00e9r\u0151l.<\/p>\n\n\n\n<p>A t\u00e1j\u00e9koztat\u00e1s ingyenes, ha a t\u00e1j\u00e9koztat\u00e1st k\u00e9r\u0151 a foly\u00f3 \u00e9vben azonos ter\u00fcletre vonatkoz\u00f3 t\u00e1j\u00e9koztat\u00e1si k\u00e9relmet az Adatkezel\u0151h\u00f6z m\u00e9g nem ny\u00fajtott be. Egy\u00e9b esetben az Adatkezel\u0151 k\u00f6lts\u00e9gt\u00e9r\u00edt\u00e9st \u00e1llap\u00edt meg, azzal, hogy a m\u00e1r megfizetett k\u00f6lts\u00e9gt\u00e9r\u00edt\u00e9st vissza kell t\u00e9r\u00edteni, ha az adatokat jogellenesen kezelt\u00e9k, vagy a t\u00e1j\u00e9koztat\u00e1s k\u00e9r\u00e9se helyesb\u00edt\u00e9shez vezetett.<\/p>\n\n\n\n<p>Az Adatkezel\u0151 az adattov\u00e1bb\u00edt\u00e1s jogszer\u0171s\u00e9g\u00e9nek ellen\u0151rz\u00e9se, valamint az \u00e9rintett t\u00e1j\u00e9koztat\u00e1sa c\u00e9lj\u00e1b\u00f3l adattov\u00e1bb\u00edt\u00e1si nyilv\u00e1ntart\u00e1st vezet, amely tartalmazza az \u00e1ltala kezelt szem\u00e9lyes adatok tov\u00e1bb\u00edt\u00e1s\u00e1nak id\u0151pontj\u00e1t, az adattov\u00e1bb\u00edt\u00e1s jogalapj\u00e1t \u00e9s c\u00edmzettj\u00e9t, a tov\u00e1bb\u00edtott szem\u00e9lyes adatok k\u00f6r\u00e9nek meghat\u00e1roz\u00e1s\u00e1t, valamint az adatkezel\u00e9st el\u0151\u00edr\u00f3 jogszab\u00e1lyban meghat\u00e1rozott egy\u00e9b adatokat.<\/p>\n\n\n\n<p>A Szolg\u00e1ltat\u00f3 az adatv\u00e9delmi incidenssel kapcsolatos int\u00e9zked\u00e9sek ellen\u0151rz\u00e9se, valamint az \u00c9rintett t\u00e1j\u00e9koztat\u00e1sa c\u00e9lj\u00e1b\u00f3l adatv\u00e9delmi incidens nyilv\u00e1ntart\u00e1st vezet, amely tartalmazza az \u00c9rintett szem\u00e9lyes adatok k\u00f6r\u00e9t, az adatv\u00e9delmi incidenssel \u00c9rintettek k\u00f6r\u00e9t \u00e9s sz\u00e1m\u00e1t, az adatv\u00e9delmi incidens id\u0151pontj\u00e1t, k\u00f6r\u00fclm\u00e9nyeit, hat\u00e1sait \u00e9s az elh\u00e1r\u00edt\u00e1s\u00e1ra megtett int\u00e9zked\u00e9seket, valamint az adatkezel\u00e9st el\u0151\u00edr\u00f3 jogszab\u00e1lyban meghat\u00e1rozott egy\u00e9b adatokat.<\/p>\n\n\n\n<p>9.3 Az \u00c9rintett b\u00e1rmikor jogosult a helytelen\u00fcl r\u00f6gz\u00edtett adatainak helyesb\u00edt\u00e9s\u00e9t vagy azok t\u00f6rl\u00e9s\u00e9t k\u00e9rni. Az ilyen ir\u00e1ny\u00fa k\u00e9r\u00e9s\u00e9t \u00edr\u00e1sban kell beny\u00fajtania postai vagy elektronikus lev\u00e9l form\u00e1j\u00e1ban. A Szolg\u00e1ltat\u00f3 a k\u00e9relem be\u00e9rkez\u00e9s\u00e9t\u0151l sz\u00e1m\u00edtott 3 munkanapon bel\u00fcl t\u00f6rli az adatokat, ez esetben azok nem lesznek \u00fajra helyre\u00e1ll\u00edthat\u00f3k. A t\u00f6rl\u00e9s nem vonatkozik a jogszab\u00e1ly (pl. sz\u00e1mviteli szab\u00e1lyoz\u00e1s) alapj\u00e1n sz\u00fcks\u00e9ges adatkezel\u00e9sekre, azokat Szolg\u00e1ltat\u00f3 a sz\u00fcks\u00e9ges id\u0151tartamig meg\u0151rzi.<\/p>\n\n\n\n<p>9.4 Az \u00c9rintett k\u00e9rheti tov\u00e1bb\u00e1, adatainak z\u00e1rol\u00e1s\u00e1t \u00e9s az adatainak tov\u00e1bb\u00edt\u00e1s\u00e1t m\u00e1sik adatkezel\u0151 sz\u00e1m\u00e1ra. A Szolg\u00e1ltat\u00f3 z\u00e1rolja a szem\u00e9lyes adatot, ha az \u00e9rintett ezt k\u00e9ri, vagy ha a rendelkez\u00e9s\u00e9re \u00e1ll\u00f3 inform\u00e1ci\u00f3k alapj\u00e1n felt\u00e9telezhet\u0151, hogy a t\u00f6rl\u00e9s s\u00e9rten\u00e9 az \u00c9rintett jogos \u00e9rdekeit. Az \u00edgy z\u00e1rolt szem\u00e9lyes adat kiz\u00e1r\u00f3lag addig kezelhet\u0151, ameddig fenn\u00e1ll az adatkezel\u00e9si c\u00e9l, amely a szem\u00e9lyes adat t\u00f6rl\u00e9s\u00e9t kiz\u00e1rta.<\/p>\n\n\n\n<p>A helyesb\u00edt\u00e9sr\u0151l, a z\u00e1rol\u00e1sr\u00f3l \u00e9s a t\u00f6rl\u00e9sr\u0151l az \u00c9rintettet, tov\u00e1bb\u00e1 mindazokat \u00e9rtes\u00edteni kell, akiknek kor\u00e1bban az adatot adatkezel\u00e9s c\u00e9lj\u00e1ra tov\u00e1bb\u00edtott\u00e1k. Az \u00e9rtes\u00edt\u00e9s mell\u0151zhet\u0151, ha ez az adatkezel\u00e9s c\u00e9lj\u00e1ra val\u00f3 tekintettel az \u00c9rintett jogos \u00e9rdek\u00e9t nem s\u00e9rti.<br>Ha a Szolg\u00e1ltat\u00f3 az \u00c9rintett helyesb\u00edt\u00e9s, z\u00e1rol\u00e1s vagy t\u00f6rl\u00e9s ir\u00e1nti k\u00e9relm\u00e9t nem teljes\u00edti, a k\u00e9relem k\u00e9zhezv\u00e9tel\u00e9t k\u00f6vet\u0151 30 napon bel\u00fcl \u00edr\u00e1sban k\u00f6zli a helyesb\u00edt\u00e9s, z\u00e1rol\u00e1s vagy t\u00f6rl\u00e9s ir\u00e1nti k\u00e9relem elutas\u00edt\u00e1s\u00e1nak t\u00e9nybeli \u00e9s jogi indokait.<\/p>\n\n\n\n<p>Az \u00c9rintett tov\u00e1bb\u00e1 az 9.5. pontban megjel\u00f6lt kapcsolattart\u00e1si c\u00edmek egyik\u00e9n juttathatja el az Adatkezel\u0151 sz\u00e1m\u00e1ra az al\u00e1bbiakat:<\/p>\n\n\n\n<p>k\u00e9rheti adatainak \u00e1tad\u00e1s\u00e1t m\u00e1sik adatkezel\u0151nek, amennyiben az adatkezel\u00e9s szerz\u0151d\u00e9sen vagy hozz\u00e1j\u00e1rul\u00e1son alapul \u00e9s a Szolg\u00e1ltat\u00f3 automatiz\u00e1lt elj\u00e1r\u00e1s keret\u00e9ben kezeli.<br>rendelkezhet a kor\u00e1bban az adatkezel\u00e9shez adott hozz\u00e1j\u00e1rul\u00e1s\u00e1nak visszavon\u00e1s\u00e1r\u00f3l<br>Az \u00c9rintett tiltakozhat szem\u00e9lyes adat\u00e1nak kezel\u00e9se ellen. Szolg\u00e1ltat\u00f3 a tiltakoz\u00e1st a k\u00e9relem beny\u00fajt\u00e1s\u00e1t\u00f3l sz\u00e1m\u00edtott legr\u00f6videbb id\u0151n bel\u00fcl, de legfeljebb 15 nap alatt megvizsg\u00e1lja, annak megalapozotts\u00e1ga k\u00e9rd\u00e9s\u00e9ben d\u00f6nt\u00e9st hoz, \u00e9s d\u00f6nt\u00e9s\u00e9r\u0151l a k\u00e9relmez\u0151t \u00edr\u00e1sban t\u00e1j\u00e9koztatja. . A helyesb\u00edt\u00e9s, t\u00f6rl\u00e9s vagy z\u00e1rol\u00e1s ir\u00e1nti k\u00e9relem elutas\u00edt\u00e1sa eset\u00e9n az Adatkezel\u0151 t\u00e1j\u00e9koztatja az \u00c9rintettet a b\u00edr\u00f3s\u00e1gi jogorvoslat, tov\u00e1bb\u00e1 a Hat\u00f3s\u00e1ghoz fordul\u00e1s lehet\u0151s\u00e9g\u00e9r\u0151l.<\/p>\n\n\n\n<p>Adatbiztons\u00e1gi int\u00e9zked\u00e9sekr\u0151l sz\u00f3l\u00f3 t\u00e1j\u00e9koztat\u00e1s:<br>Adatkezel\u0151 gondoskodik az alap\u00e9rtelmezett \u00e9s be\u00e9p\u00edtett adatv\u00e9delemr\u0151l. Ennek \u00e9rdek\u00e9ben az Adatkezel\u0151 megfelel\u0151 technikai \u00e9s szervez\u00e9si int\u00e9zked\u00e9seket alkalmaz annak \u00e9rdek\u00e9ben, hogy:<\/p>\n\n\n\n<p>az adatokhoz val\u00f3 hozz\u00e1f\u00e9r\u00e9st pontosan szab\u00e1lyozza;<br>csak olyan szem\u00e9lyeknek enged\u00e9lyezze a hozz\u00e1f\u00e9r\u00e9st, akiknek az adat az azzal val\u00f3 feladat elv\u00e9gz\u00e9se \u00e9rdek\u00e9ben sz\u00fcks\u00e9ges, \u00e9s ekkor is csak azon adatokhoz lehessen hozz\u00e1f\u00e9rni, mely minim\u00e1lisan sz\u00fcks\u00e9ges a feladat ell\u00e1t\u00e1s\u00e1hoz;<br>az \u00e1ltala megb\u00edzott adatfeldolgoz\u00f3kat k\u00f6r\u00fcltekint\u0151en v\u00e1lassza ki, \u00e9s megfelel\u0151 adatfeldolgoz\u00f3i szerz\u0151d\u00e9ssel gondoskodjon az adatok biztons\u00e1g\u00e1r\u00f3l;<br>gondoskodik a kezelt adatok v\u00e1ltozatlans\u00e1g\u00e1r\u00f3l (adatintegrit\u00e1s), hiteless\u00e9g\u00e9r\u0151l \u00e9s v\u00e9delm\u00e9r\u0151l.<br>Az Adatkezel\u0151 \u00e9sszer\u0171 m\u00e9rt\u00e9k\u0171 fizikai, m\u0171szaki \u00e9s szervezeti biztons\u00e1gi int\u00e9zked\u00e9seket alkalmaz az \u00c9rintett adatok v\u00e9delm\u00e9re, k\u00fcl\u00f6n\u00f6sen azoknak a v\u00e9letlen, illet\u00e9ktelen, t\u00f6rv\u00e9nytelen megsemmis\u00edt\u00e9se, elveszt\u00e9se, megv\u00e1ltoztat\u00e1sa, tov\u00e1bbad\u00e1sa, felhaszn\u00e1l\u00e1sa, el\u00e9r\u00e9se vagy feldolgoz\u00e1sa ellen. Az Adatkezel\u0151 a szem\u00e9lyes adatokhoz val\u00f3 ismert, \u00e9s az \u00e9rintettre n\u00e9zve magas kock\u00e1zattal j\u00e1r\u00f3 illet\u00e9ktelen hozz\u00e1f\u00e9r\u00e9s vagy azok felhaszn\u00e1l\u00e1sa eset\u00e9n halad\u00e9ktalanul \u00e9rtes\u00edti az \u00c9rintettet.<\/p>\n\n\n\n<p>Az Adatkezel\u0151, amennyiben \u00c9rintett adat tov\u00e1bb\u00edt\u00e1sa sz\u00fcks\u00e9ges, gondoskodik a tov\u00e1bb\u00edtott adatok megfelel\u0151 v\u00e9delm\u00e9r\u0151l, p\u00e9ld\u00e1ul az adat\u00e1llom\u00e1ny titkos\u00edt\u00e1s\u00e1val. Az Adatkezel\u0151 a harmadik szem\u00e9lyek \u00e1ltal megval\u00f3s\u00edtott \u00c9rintett adatkezel\u00e9s\u00e9rt teljes k\u00f6r\u0171 felel\u0151ss\u00e9ggel tartozik.<\/p>\n\n\n\n<p>Az Adatkezel\u0151 megfelel\u0151 \u00e9s rendszeres biztons\u00e1gi ment\u00e9sekkel is gondoskodik arr\u00f3l, hogy az \u00c9rintett adatai a megsemmis\u00fcl\u00e9ssel vagy elveszt\u00e9ssel szemben v\u00e9dve legyenek.<\/p>\n\n\n\n<p>9.5 Az \u00e9rintett a jogait az al\u00e1bbi el\u00e9rhet\u0151s\u00e9geken gyakorolhatja:<br>Email c\u00edm: hello@partoldalak.hu<br>Az \u00c9rintett b\u00e1rmely, az adatkezel\u00e9ssel kapcsolatos k\u00e9rd\u00e9ssel, illetve \u00e9szrev\u00e9tellel a Szolg\u00e1ltat\u00f3 munkat\u00e1rs\u00e1hoz fordulhat a 9.5 pontban el\u00e9rhet\u0151s\u00e9geken kereszt\u00fcl.<\/p>\n\n\n\n<p>9.6 Az \u00c9rintett a GDPR, az Info.tv., valamint a Polg\u00e1ri T\u00f6rv\u00e9nyk\u00f6nyv (2013. \u00e9vi V. t\u00f6rv\u00e9ny) alapj\u00e1n<\/p>\n\n\n\n<p>Nemzeti Adatv\u00e9delmi \u00e9s Inform\u00e1ci\u00f3szabads\u00e1g Hat\u00f3s\u00e1ghoz (1125 Budapest, Szil\u00e1gyi Erzs\u00e9bet fasor 22\/c.; www.naih.hu) fordulhat vagy<\/p>\n\n\n\n<p>B\u00edr\u00f3s\u00e1g el\u0151tt \u00e9rv\u00e9nyes\u00edtheti jogait.<\/p>\n\n\n\n<p>9.7 Amennyiben az \u00c9rintett szolg\u00e1ltat\u00e1s ig\u00e9nybev\u00e9tel\u00e9hez, a regisztr\u00e1ci\u00f3 sor\u00e1n, a h\u00edrlev\u00e9l feliratkoz\u00e1skor harmadik f\u00e9l adatait adta meg vagy a Weboldal haszn\u00e1lata sor\u00e1n b\u00e1rmilyen m\u00f3don k\u00e1rt okozott, a Szolg\u00e1ltat\u00f3 jogosult az \u00c9rintettel szembeni k\u00e1rt\u00e9r\u00edt\u00e9s \u00e9rv\u00e9nyes\u00edt\u00e9s\u00e9re. A Szolg\u00e1ltat\u00f3 ilyen esetben minden t\u0151le telhet\u0151 seg\u00edts\u00e9get megad az elj\u00e1r\u00f3 hat\u00f3s\u00e1goknak a jogs\u00e9rt\u0151 szem\u00e9ly szem\u00e9lyazonoss\u00e1g\u00e1nak meg\u00e1llap\u00edt\u00e1sa c\u00e9lj\u00e1b\u00f3l.<\/p>\n","protected":false},"excerpt":{"rendered":"<p>Kik vagyunk A Part-Oldalak Online (a tov\u00e1bbiakban: Szolg\u00e1ltat\u00f3) a www.part-oldalak.hu weboldal (a tov\u00e1bbiakban: Weboldal) m\u0171k\u00f6dtet\u00e9se sor\u00e1n, a honlapon<\/p>\n","protected":false},"author":1,"featured_media":0,"parent":0,"menu_order":0,"comment_status":"closed","ping_status":"open","template":"","meta":{"_monsterinsights_skip_tracking":false,"_monsterinsights_sitenote_active":false,"_monsterinsights_sitenote_note":"","_monsterinsights_sitenote_category":0,"footnotes":""},"class_list":["post-3","page","type-page","status-publish","hentry"],"aioseo_notices":[],"yoast_head":"<!-- This site is optimized with the Yoast SEO plugin v25.6 - https:\/\/yoast.com\/wordpress\/plugins\/seo\/ -->\n<title>Adatv\u00e9delmi ir\u00e1nyelvek - Part-Oldalak Kultur\u00e1lis Egylet<\/title>\n<meta name=\"robots\" content=\"index, follow, max-snippet:-1, max-image-preview:large, max-video-preview:-1\" \/>\n<link rel=\"canonical\" href=\"https:\/\/www.part-oldalak.hu\/wordpress\/adatkezelesi-tajekoztato\/\" \/>\n<meta property=\"og:locale\" content=\"hu_HU\" \/>\n<meta property=\"og:type\" content=\"article\" \/>\n<meta property=\"og:title\" content=\"Adatv\u00e9delmi ir\u00e1nyelvek - Part-Oldalak Kultur\u00e1lis Egylet\" \/>\n<meta property=\"og:description\" content=\"Kik vagyunk A Part-Oldalak Online (a tov\u00e1bbiakban: Szolg\u00e1ltat\u00f3) a www.part-oldalak.hu weboldal (a tov\u00e1bbiakban: Weboldal) m\u0171k\u00f6dtet\u00e9se sor\u00e1n, a honlapon\" \/>\n<meta property=\"og:url\" content=\"https:\/\/www.part-oldalak.hu\/wordpress\/adatkezelesi-tajekoztato\/\" \/>\n<meta property=\"og:site_name\" content=\"Part-Oldalak Kultur\u00e1lis Egylet\" \/>\n<meta property=\"article:modified_time\" content=\"2022-01-23T15:34:11+00:00\" \/>\n<meta name=\"twitter:card\" content=\"summary_large_image\" \/>\n<meta name=\"twitter:label1\" content=\"Becs\u00fclt olvas\u00e1si id\u0151\" \/>\n\t<meta name=\"twitter:data1\" content=\"13 perc\" \/>\n<script type=\"application\/ld+json\" class=\"yoast-schema-graph\">{\"@context\":\"https:\/\/schema.org\",\"@graph\":[{\"@type\":\"WebPage\",\"@id\":\"https:\/\/www.part-oldalak.hu\/wordpress\/adatkezelesi-tajekoztato\/\",\"url\":\"https:\/\/www.part-oldalak.hu\/wordpress\/adatkezelesi-tajekoztato\/\",\"name\":\"Adatv\u00e9delmi ir\u00e1nyelvek - Part-Oldalak Kultur\u00e1lis Egylet\",\"isPartOf\":{\"@id\":\"https:\/\/www.part-oldalak.hu\/wordpress\/#website\"},\"datePublished\":\"2021-11-24T12:26:46+00:00\",\"dateModified\":\"2022-01-23T15:34:11+00:00\",\"breadcrumb\":{\"@id\":\"https:\/\/www.part-oldalak.hu\/wordpress\/adatkezelesi-tajekoztato\/#breadcrumb\"},\"inLanguage\":\"hu\",\"potentialAction\":[{\"@type\":\"ReadAction\",\"target\":[\"https:\/\/www.part-oldalak.hu\/wordpress\/adatkezelesi-tajekoztato\/\"]}]},{\"@type\":\"BreadcrumbList\",\"@id\":\"https:\/\/www.part-oldalak.hu\/wordpress\/adatkezelesi-tajekoztato\/#breadcrumb\",\"itemListElement\":[{\"@type\":\"ListItem\",\"position\":1,\"name\":\"Kezd\u0151lap\",\"item\":\"https:\/\/www.part-oldalak.hu\/wordpress\/\"},{\"@type\":\"ListItem\",\"position\":2,\"name\":\"Adatv\u00e9delmi ir\u00e1nyelvek\"}]},{\"@type\":\"WebSite\",\"@id\":\"https:\/\/www.part-oldalak.hu\/wordpress\/#website\",\"url\":\"https:\/\/www.part-oldalak.hu\/wordpress\/\",\"name\":\"Part-Oldalak Kultur\u00e1lis Egylet\",\"description\":\"\",\"potentialAction\":[{\"@type\":\"SearchAction\",\"target\":{\"@type\":\"EntryPoint\",\"urlTemplate\":\"https:\/\/www.part-oldalak.hu\/wordpress\/?s={search_term_string}\"},\"query-input\":{\"@type\":\"PropertyValueSpecification\",\"valueRequired\":true,\"valueName\":\"search_term_string\"}}],\"inLanguage\":\"hu\"}]}<\/script>\n<!-- \/ Yoast SEO plugin. -->","yoast_head_json":{"title":"Adatv\u00e9delmi ir\u00e1nyelvek - Part-Oldalak Kultur\u00e1lis Egylet","robots":{"index":"index","follow":"follow","max-snippet":"max-snippet:-1","max-image-preview":"max-image-preview:large","max-video-preview":"max-video-preview:-1"},"canonical":"https:\/\/www.part-oldalak.hu\/wordpress\/adatkezelesi-tajekoztato\/","og_locale":"hu_HU","og_type":"article","og_title":"Adatv\u00e9delmi ir\u00e1nyelvek - Part-Oldalak Kultur\u00e1lis Egylet","og_description":"Kik vagyunk A Part-Oldalak Online (a tov\u00e1bbiakban: Szolg\u00e1ltat\u00f3) a www.part-oldalak.hu weboldal (a tov\u00e1bbiakban: Weboldal) m\u0171k\u00f6dtet\u00e9se sor\u00e1n, a honlapon","og_url":"https:\/\/www.part-oldalak.hu\/wordpress\/adatkezelesi-tajekoztato\/","og_site_name":"Part-Oldalak Kultur\u00e1lis Egylet","article_modified_time":"2022-01-23T15:34:11+00:00","twitter_card":"summary_large_image","twitter_misc":{"Becs\u00fclt olvas\u00e1si id\u0151":"13 perc"},"schema":{"@context":"https:\/\/schema.org","@graph":[{"@type":"WebPage","@id":"https:\/\/www.part-oldalak.hu\/wordpress\/adatkezelesi-tajekoztato\/","url":"https:\/\/www.part-oldalak.hu\/wordpress\/adatkezelesi-tajekoztato\/","name":"Adatv\u00e9delmi ir\u00e1nyelvek - Part-Oldalak Kultur\u00e1lis Egylet","isPartOf":{"@id":"https:\/\/www.part-oldalak.hu\/wordpress\/#website"},"datePublished":"2021-11-24T12:26:46+00:00","dateModified":"2022-01-23T15:34:11+00:00","breadcrumb":{"@id":"https:\/\/www.part-oldalak.hu\/wordpress\/adatkezelesi-tajekoztato\/#breadcrumb"},"inLanguage":"hu","potentialAction":[{"@type":"ReadAction","target":["https:\/\/www.part-oldalak.hu\/wordpress\/adatkezelesi-tajekoztato\/"]}]},{"@type":"BreadcrumbList","@id":"https:\/\/www.part-oldalak.hu\/wordpress\/adatkezelesi-tajekoztato\/#breadcrumb","itemListElement":[{"@type":"ListItem","position":1,"name":"Kezd\u0151lap","item":"https:\/\/www.part-oldalak.hu\/wordpress\/"},{"@type":"ListItem","position":2,"name":"Adatv\u00e9delmi ir\u00e1nyelvek"}]},{"@type":"WebSite","@id":"https:\/\/www.part-oldalak.hu\/wordpress\/#website","url":"https:\/\/www.part-oldalak.hu\/wordpress\/","name":"Part-Oldalak Kultur\u00e1lis Egylet","description":"","potentialAction":[{"@type":"SearchAction","target":{"@type":"EntryPoint","urlTemplate":"https:\/\/www.part-oldalak.hu\/wordpress\/?s={search_term_string}"},"query-input":{"@type":"PropertyValueSpecification","valueRequired":true,"valueName":"search_term_string"}}],"inLanguage":"hu"}]}},"_links":{"self":[{"href":"https:\/\/www.part-oldalak.hu\/wordpress\/wp-json\/wp\/v2\/pages\/3"}],"collection":[{"href":"https:\/\/www.part-oldalak.hu\/wordpress\/wp-json\/wp\/v2\/pages"}],"about":[{"href":"https:\/\/www.part-oldalak.hu\/wordpress\/wp-json\/wp\/v2\/types\/page"}],"author":[{"embeddable":true,"href":"https:\/\/www.part-oldalak.hu\/wordpress\/wp-json\/wp\/v2\/users\/1"}],"replies":[{"embeddable":true,"href":"https:\/\/www.part-oldalak.hu\/wordpress\/wp-json\/wp\/v2\/comments?post=3"}],"version-history":[{"count":3,"href":"https:\/\/www.part-oldalak.hu\/wordpress\/wp-json\/wp\/v2\/pages\/3\/revisions"}],"predecessor-version":[{"id":422,"href":"https:\/\/www.part-oldalak.hu\/wordpress\/wp-json\/wp\/v2\/pages\/3\/revisions\/422"}],"wp:attachment":[{"href":"https:\/\/www.part-oldalak.hu\/wordpress\/wp-json\/wp\/v2\/media?parent=3"}],"curies":[{"name":"wp","href":"https:\/\/api.w.org\/{rel}","templated":true}]}}